{"id":2403,"date":"2021-03-19T04:30:21","date_gmt":"2021-03-19T04:30:21","guid":{"rendered":"https:\/\/beta.ascofame.org.co\/?page_id=2403"},"modified":"2021-06-01T19:45:03","modified_gmt":"2021-06-01T19:45:03","slug":"diplomadoeducacionmedica","status":"publish","type":"page","link":"https:\/\/ascofame.org.co\/web\/desarrollo-profesional\/oferta-educativa\/diplomadoeducacionmedica\/","title":{"rendered":"Diplomado en Educaci\u00f3n M\u00e9dica"},"content":{"rendered":"<div class=\"nolwrap\"><p>[vc_row css=&#8221;.vc_custom_1622238421619{padding-bottom: 0px !important;background-color: #f19d38 !important;}&#8221;][vc_column width=&#8221;1\/2&#8243; css=&#8221;.vc_custom_1622238340307{padding-bottom: 20px !important;background-color: #e5e5e5 !important;}&#8221;][vc_column_text]<\/p>\n<h2><\/h2>\n<p style=\"padding-left: 40px;\"><img loading=\"lazy\" decoding=\"async\" class=\"alignnone wp-image-3110 \" src=\"\/wp-content\/uploads\/2021\/04\/reloj-300x300.png\" alt=\"\" width=\"19\" height=\"19\" srcset=\"https:\/\/ascofame.org.co\/web\/wp-content\/uploads\/2021\/04\/reloj-300x300.png 300w, https:\/\/ascofame.org.co\/web\/wp-content\/uploads\/2021\/04\/reloj-150x150.png 150w, https:\/\/ascofame.org.co\/web\/wp-content\/uploads\/2021\/04\/reloj-100x100.png 100w, https:\/\/ascofame.org.co\/web\/wp-content\/uploads\/2021\/04\/reloj.png 512w\" sizes=\"auto, (max-width: 19px) 100vw, 19px\" \/>\u00a0 <strong><span style=\"color: #ff6600;\">144 <\/span><\/strong>horas &#8211; <strong><span style=\"color: #ff6600;\">6<\/span><\/strong> m\u00f3dulos<\/p>\n<p style=\"padding-left: 40px;\"><img loading=\"lazy\" decoding=\"async\" class=\"alignnone wp-image-3108 \" src=\"\/wp-content\/uploads\/2021\/04\/creditos-1.png\" alt=\"\" width=\"23\" height=\"23\" \/>\u00a0 <strong><span style=\"color: #ff6600;\">144<\/span><\/strong> cr\u00e9ditos de educaci\u00f3n continua tipo B del Programa de Desarrollo Profesional Permanente de Ascofame.<\/p>\n<p style=\"padding-left: 40px;\"><img loading=\"lazy\" decoding=\"async\" class=\"alignnone wp-image-3106\" src=\"\/wp-content\/uploads\/2021\/04\/proyectos.png\" alt=\"\" width=\"23\" height=\"23\" \/>\u00a0 Aprendizaje Basado en Proyectos<\/p>\n<p>[\/vc_column_text][\/vc_column][vc_column width=&#8221;1\/2&#8243; css=&#8221;.vc_custom_1622238333839{padding-bottom: 20px !important;background-color: #e5e5e5 !important;}&#8221;][vc_column_text]<\/p>\n<h2><\/h2>\n<p><img loading=\"lazy\" decoding=\"async\" class=\"alignnone wp-image-3113\" src=\"\/wp-content\/uploads\/2021\/04\/inversion.png\" alt=\"\" width=\"20\" height=\"20\" \/>\u00a0\u00a0<strong>COP $2.300.000+IVA<\/strong><\/p>\n<p><img loading=\"lazy\" decoding=\"async\" class=\"alignnone wp-image-3112\" src=\"\/wp-content\/uploads\/2021\/04\/descuento.png\" alt=\"\" width=\"20\" height=\"20\" \/>\u00a0 Pol\u00edticas de descuento:<\/p>\n<p><span style=\"color: #ff6600;\"><strong>10%<\/strong><\/span> para docentes e investigadores de Facultades<br \/>\nMiembro de ASCOFAME.<br \/>\n<span style=\"color: #ff6600;\"><strong>5%<\/strong><\/span> para grupos mayores de doce personas.<\/p>\n<p>[\/vc_column_text][\/vc_column][\/vc_row][vc_row css=&#8221;.vc_custom_1622511517608{padding-top: 10px !important;padding-bottom: 20px !important;}&#8221;][vc_column][vc_column_text]<\/p>\n<h4><span style=\"color: #ff9900;\"><strong>Presentaci\u00f3n Diplomado<\/strong><\/span><\/h4>\n<p>El rol del profesional de la salud como educador es inherente a la pr\u00e1ctica m\u00e9dica en todas sus dimensiones. La actualizaci\u00f3n permanente de los profesionales de la salud que ejercen la docencia es una prioridad y por ello conviene mirar el marco global de la educaci\u00f3n m\u00e9dica, pues la baja calidad y cobertura de \u00e9sta se ha convertido en uno de los condicionantes cr\u00edticos del desarrollo.<\/p>\n<p>Es indiscutible que la calidad del factor humano garantiza el logro de los objetivos y la visi\u00f3n human\u00edstica de las instituciones. Los docentes m\u00e9dicos y de la salud son los actores sociales que constituyen el proceso educativo de las facultades, escuelas u organizaciones que est\u00e1n implicadas en los procesos educativos. Su desempe\u00f1o repercute en la formaci\u00f3n de los futuros m\u00e9dicos y profesionales de la salud.<\/p>\n<p>Con miras a formar, perfeccionar y actualizar a los educadores m\u00e9dicos de la regi\u00f3n, la Asociaci\u00f3n Colombiana de Facultades de Medicina \u2013 Ascofame desde 1953 ha venido desarrollando acciones formativas para mejorar su cualificaci\u00f3n.<\/p>\n<p>En esta oportunidad, se ha dise\u00f1ado un diplomado 100% virtual que reconoce los desaf\u00edos actuales del educador m\u00e9dico, el cual tiene roles como dise\u00f1ador de ambientes de aprendizaje, tutor, comunicador, investigador, evaluador, promotor del trabajo inter y trasdisciplinar y comunitario. Para proporcionar todos esos procesos de renovaci\u00f3n se requiere una decidida y permanente formaci\u00f3n de educadores m\u00e9dicos que puedan cumplir con idoneidad la tarea encomendada, ajustados a la prospectiva de la educaci\u00f3n m\u00e9dica.<\/p>\n<p>De acuerdo con lo anterior, este diplomado dise\u00f1ara ambientes que practiquen aprendizajes significativos, la construcci\u00f3n de conocimientos y la educaci\u00f3n dentro del contexto nacional e internacional.[\/vc_column_text][\/vc_column][\/vc_row][vc_row][vc_column css=&#8221;.vc_custom_1622238551913{padding-top: 20px !important;padding-bottom: 20px !important;background-color: #e5e5e5 !important;}&#8221;][vc_column_text]<\/p>\n<h4><span style=\"color: #ff9900;\"><strong>Objetivo general <\/strong><\/span><\/h4>\n<p>Brindar las bases conceptuales y pr\u00e1cticas para el desarrollo de competencias en educaci\u00f3n m\u00e9dica y ciencias de la salud para los docentes, con un enfoque interdisciplinario dentro del contexto y las tendencias nacionales e internacionales.<\/p>\n<p>Al finalizar el diplomado usted estar\u00e1 en capacidad de:<\/p>\n<p style=\"padding-left: 40px;\"><img loading=\"lazy\" decoding=\"async\" class=\"alignnone wp-image-2256\" src=\"\/wp-content\/uploads\/2021\/03\/vineta.png\" alt=\"\" width=\"19\" height=\"19\" \/> Analizar la prospectiva de la educaci\u00f3n universitaria en salud.<\/p>\n<p style=\"padding-left: 40px;\"><img loading=\"lazy\" decoding=\"async\" class=\"alignnone wp-image-2256\" src=\"\/wp-content\/uploads\/2021\/03\/vineta.png\" alt=\"\" width=\"19\" height=\"19\" \/> Conocer los procesos de renovaci\u00f3n curricular en las facultades de medicina, organizaciones de salud y otros escenarios de educaci\u00f3n m\u00e9dica y salud.<\/p>\n<p style=\"padding-left: 40px;\"><img loading=\"lazy\" decoding=\"async\" class=\"alignnone wp-image-2256\" src=\"\/wp-content\/uploads\/2021\/03\/vineta.png\" alt=\"\" width=\"19\" height=\"19\" \/> Aplicar m\u00e9todos de aprendizaje activo en la ense\u00f1anza de la medicina y las ciencias de la salud.<\/p>\n<p style=\"padding-left: 40px;\"><img loading=\"lazy\" decoding=\"async\" class=\"alignnone wp-image-2256\" src=\"\/wp-content\/uploads\/2021\/03\/vineta.png\" alt=\"\" width=\"19\" height=\"19\" \/> Incorporar estrategias de evaluaci\u00f3n del aprendizaje.<\/p>\n<p style=\"padding-left: 40px;\"><img loading=\"lazy\" decoding=\"async\" class=\"alignnone wp-image-2256\" src=\"\/wp-content\/uploads\/2021\/03\/vineta.png\" alt=\"\" width=\"19\" height=\"19\" \/> Reconocer las buenas practicas educativas en el contexto de la educaci\u00f3n m\u00e9dica actual.<\/p>\n<p>[\/vc_column_text][\/vc_column][\/vc_row][vc_row][vc_column css=&#8221;.vc_custom_1622238561130{padding-top: 20px !important;padding-bottom: 20px !important;}&#8221;][vc_column_text]<\/p>\n<h4><span style=\"color: #ff9900;\"><strong>Metodolog\u00eda <\/strong><\/span><\/h4>\n<p>Este diplomado utiliza, primordialmente, la metodolog\u00eda de Aprendizaje Basada en Proyectos, que le permitir\u00e1 a los participantes adquirir los conocimientos y competencias mediante la elaboraci\u00f3n de proyectos personalizados que den respuesta a un problema de inter\u00e9s del participante. En este Diplomado, los participantes se convierten en protagonistas de su propio aprendizaje y desarrollan, desde su autonom\u00eda y responsabilidad, productos de aprendizaje que incluyen los procesos de planificar, estructurar y elaborar un producto de aprendizaje para resolver la cuesti\u00f3n planteada.<\/p>\n<p style=\"padding-left: 40px;\"><img loading=\"lazy\" decoding=\"async\" class=\"alignnone wp-image-2256\" src=\"\/wp-content\/uploads\/2021\/03\/vineta.png\" alt=\"\" width=\"19\" height=\"19\" \/> Modalidad: 100% virtual<\/p>\n<p style=\"padding-left: 40px;\"><img loading=\"lazy\" decoding=\"async\" class=\"alignnone wp-image-2256\" src=\"\/wp-content\/uploads\/2021\/03\/vineta.png\" alt=\"\" width=\"19\" height=\"19\" \/> Tutor experto disponible para discutir problem\u00e1ticas conceptuales y metodol\u00f3gicas, propias de la educaci\u00f3n m\u00e9dica.<\/p>\n<p style=\"padding-left: 40px;\"><img loading=\"lazy\" decoding=\"async\" class=\"alignnone wp-image-2256\" src=\"\/wp-content\/uploads\/2021\/03\/vineta.png\" alt=\"\" width=\"19\" height=\"19\" \/> Tutor facilitador que acompa\u00f1ara el proceso de ense\u00f1anza-aprendizaje del diplomado.<\/p>\n<p style=\"padding-left: 40px;\"><img loading=\"lazy\" decoding=\"async\" class=\"alignnone wp-image-2256\" src=\"\/wp-content\/uploads\/2021\/03\/vineta.png\" alt=\"\" width=\"19\" height=\"19\" \/> Asesor de servicio al estudiante: servicio 24 horas, 7 d\u00edas a la semana para resolver dudas, ajustes de cronograma, servicio y soporte t\u00e9cnico.<\/p>\n<p style=\"padding-left: 40px;\"><img loading=\"lazy\" decoding=\"async\" class=\"alignnone wp-image-2256\" src=\"\/wp-content\/uploads\/2021\/03\/vineta.png\" alt=\"\" width=\"19\" height=\"19\" \/> Duraci\u00f3n: 144 horas, 6 m\u00f3dulos. El estudiante podr\u00e1 ir a su propio ritmo de aprendizaje, se estiman dos meses como m\u00e1ximo para el logro de los objetivos planteados, bajo una metodolog\u00eda de aprendizaje basado en proyectos.<\/p>\n<p style=\"padding-left: 40px;\"><img loading=\"lazy\" decoding=\"async\" class=\"alignnone wp-image-2256\" src=\"\/wp-content\/uploads\/2021\/03\/vineta.png\" alt=\"\" width=\"19\" height=\"19\" \/> Evaluaci\u00f3n: Pre-evaluaciones, actividades y desempe\u00f1os de aprendizaje calificables (foros, tareas, juegos de aprendizaje, retos), examen de conocimientos y proyecto educativo.<\/p>\n<p style=\"padding-left: 40px;\"><img loading=\"lazy\" decoding=\"async\" class=\"alignnone wp-image-2256\" src=\"\/wp-content\/uploads\/2021\/03\/vineta.png\" alt=\"\" width=\"19\" height=\"19\" \/> Cr\u00e9ditos acad\u00e9micos: Este Diplomado otorga 144 cr\u00e9ditos de educaci\u00f3n continua tipo B del Programa de Desarrollo Profesional Permamente de Ascofame.<\/p>\n<p>[\/vc_column_text][\/vc_column][\/vc_row][vc_row][vc_column css=&#8221;.vc_custom_1622238575563{padding-top: 20px !important;padding-bottom: 20px !important;background-color: #e5e5e5 !important;}&#8221;][vc_column_text]<\/p>\n<h4><span style=\"color: #ff9900;\"><strong>Estructura acad\u00e9mica del curso<\/strong><\/span><\/h4>\n<p>M\u00d3DULO. 0 Inducci\u00f3n<\/p>\n<p>M\u00d3DULO. 1 Principios y conceptos de la educaci\u00f3n m\u00e9dica<\/p>\n<p>M\u00d3DULO. 2 Calidad y excelencia en la educaci\u00f3n m\u00e9dica<\/p>\n<p>M\u00d3DULO. 3 Las estructuras curriculares de la educaci\u00f3n m\u00e9dica<\/p>\n<p>M\u00d3DULO. 4 M\u00e9todos de investigaci\u00f3n en educaci\u00f3n en salud<\/p>\n<p>M\u00d3DULO. 5 Evaluaci\u00f3n<\/p>\n<p>M\u00d3DULO. 6 Tecnolog\u00edas para el Aprendizaje y el Conocimiento (TAC)[\/vc_column_text][\/vc_column][\/vc_row][vc_row][vc_column css=&#8221;.vc_custom_1622238665152{padding-top: 20px !important;padding-bottom: 20px !important;}&#8221;][vc_column_text]<\/p>\n<h4><span style=\"color: #ff9900;\"><strong>Autores, contenidistas y docentes invitados<\/strong><\/span><\/h4>\n<p>[\/vc_column_text][vc_row_inner][vc_column_inner width=&#8221;1\/4&#8243;][vc_column_text]<\/p>\n<p style=\"text-align: center;\">\r\n\t<div class=\"paoc-image-popup\">\r\n\t\t<a class=\"paoc-popup-click paoc-popup-cust-3263 paoc-popup-image paoc-popup-image\" href=\"javascript:void(0);\"><img decoding=\"async\" class=\"popupaoc-img\" src=\"https:\/\/beta.ascofame.org.co\/wp-content\/uploads\/2021\/01\/Dr.-Gustavo_quintero-200x200-1.png\" alt=\"\" \/><\/a>\r\n\r\n\t\t\t<\/div>\n<p>[\/vc_column_text][vc_column_text]<\/p>\n<p style=\"text-align: center;\"><strong>Gustavo Quintero<\/strong><\/p>\n<p>[\/vc_column_text][\/vc_column_inner][vc_column_inner width=&#8221;1\/4&#8243;][vc_column_text]<\/p>\n<p style=\"text-align: center;\">\r\n\t<div class=\"paoc-image-popup\">\r\n\t\t<a class=\"paoc-popup-click paoc-popup-cust-3141 paoc-popup-image paoc-popup-image\" href=\"javascript:void(0);\"><img decoding=\"async\" class=\"popupaoc-img\" src=\"https:\/\/beta.ascofame.org.co\/wp-content\/uploads\/2021\/04\/hb-e1601493761429.png\" alt=\"\" \/><\/a>\r\n\r\n\t\t\t<\/div>\n<p>[\/vc_column_text][vc_column_text]<\/p>\n<p style=\"text-align: center;\"><strong>Hernando Baquero Latorre<\/strong><\/p>\n<p>[\/vc_column_text][\/vc_column_inner][vc_column_inner width=&#8221;1\/4&#8243;][vc_column_text]<\/p>\n<p style=\"text-align: center;\">\r\n\t<div class=\"paoc-image-popup\">\r\n\t\t<a class=\"paoc-popup-click paoc-popup-cust-3266 paoc-popup-image paoc-popup-image\" href=\"javascript:void(0);\"><img decoding=\"async\" class=\"popupaoc-img\" src=\"https:\/\/beta.ascofame.org.co\/wp-content\/uploads\/2021\/01\/Dr._Decano_palacio-200x200-1.png\" alt=\"\" \/><\/a>\r\n\r\n\t\t\t<\/div>\n<p>[\/vc_column_text][vc_column_text]<\/p>\n<p style=\"text-align: center;\"><strong>Carlos Palacio<\/strong><\/p>\n<p>[\/vc_column_text][\/vc_column_inner][vc_column_inner width=&#8221;1\/4&#8243;][vc_column_text]<\/p>\n<p style=\"text-align: center;\">\r\n\t<div class=\"paoc-image-popup\">\r\n\t\t<a class=\"paoc-popup-click paoc-popup-cust-3268 paoc-popup-image paoc-popup-image\" href=\"javascript:void(0);\"><img decoding=\"async\" class=\"popupaoc-img\" src=\"https:\/\/beta.ascofame.org.co\/wp-content\/uploads\/2021\/01\/Dr.-Busatos-200x200-1.png\" alt=\"Alvaro Bustos G\" \/><\/a>\r\n\r\n\t\t\t<\/div>\n<p>[\/vc_column_text][vc_column_text]<\/p>\n<p style=\"text-align: center;\"><strong>\u00c1lvaro Bustos Gonz\u00e1lez<\/strong><\/p>\n<p>[\/vc_column_text][\/vc_column_inner][\/vc_row_inner][vc_separator][vc_row_inner][vc_column_inner width=&#8221;1\/4&#8243;][vc_column_text]<\/p>\n<p style=\"text-align: center;\">\r\n\t<div class=\"paoc-image-popup\">\r\n\t\t<a class=\"paoc-popup-click paoc-popup-cust-3144 paoc-popup-image paoc-popup-image\" href=\"javascript:void(0);\"><img decoding=\"async\" class=\"popupaoc-img\" src=\"https:\/\/beta.ascofame.org.co\/wp-content\/uploads\/2021\/04\/cg.png\" alt=\"\" \/><\/a>\r\n\r\n\t\t\t<\/div>\n<p>[\/vc_column_text][vc_column_text]<\/p>\n<p style=\"text-align: center;\"><strong>Carlos G\u00f3mez Restrepo<\/strong><\/p>\n<p>[\/vc_column_text][\/vc_column_inner][vc_column_inner width=&#8221;1\/4&#8243;][vc_column_text]<\/p>\n<p style=\"text-align: center;\">\r\n\t<div class=\"paoc-image-popup\">\r\n\t\t<a class=\"paoc-popup-click paoc-popup-cust-3146 paoc-popup-image paoc-popup-image\" href=\"javascript:void(0);\"><img decoding=\"async\" class=\"popupaoc-img\" src=\"https:\/\/beta.ascofame.org.co\/wp-content\/uploads\/2021\/01\/John-Vergel-300x300.jpg\" alt=\"\" \/><\/a>\r\n\r\n\t\t\t<\/div>\n<p>[\/vc_column_text][vc_column_text]<\/p>\n<p style=\"text-align: center;\"><strong>John Vergel<\/strong><\/p>\n<p>[\/vc_column_text][\/vc_column_inner][vc_column_inner width=&#8221;1\/4&#8243;][vc_column_text]<\/p>\n<p style=\"text-align: center;\">\r\n\t<div class=\"paoc-image-popup\">\r\n\t\t<a class=\"paoc-popup-click paoc-popup-cust-3148 paoc-popup-image paoc-popup-image\" href=\"javascript:void(0);\"><img decoding=\"async\" class=\"popupaoc-img\" src=\"https:\/\/beta.ascofame.org.co\/wp-content\/uploads\/2021\/01\/Experto.png\" alt=\"\" \/><\/a>\r\n\r\n\t\t\t<\/div>\n<p>[\/vc_column_text][vc_column_text]<\/p>\n<p style=\"text-align: center;\"><strong>Adalberto Amaya<\/strong><\/p>\n<p>[\/vc_column_text][\/vc_column_inner][vc_column_inner width=&#8221;1\/4&#8243;][vc_column_text]<\/p>\n<p style=\"text-align: center;\">\r\n\t<div class=\"paoc-image-popup\">\r\n\t\t<a class=\"paoc-popup-click paoc-popup-cust-3151 paoc-popup-image paoc-popup-image\" href=\"javascript:void(0);\"><img decoding=\"async\" class=\"popupaoc-img\" src=\"https:\/\/beta.ascofame.org.co\/wp-content\/uploads\/2021\/01\/Rodolfo-Cabrales-300x300.jpg\" alt=\"\" \/><\/a>\r\n\r\n\t\t\t<\/div>\n<p>[\/vc_column_text][vc_column_text]<\/p>\n<p style=\"text-align: center;\"><strong>Rodolfo Cabrales<\/strong><\/p>\n<p>[\/vc_column_text][\/vc_column_inner][\/vc_row_inner][vc_separator][vc_row_inner][vc_column_inner width=&#8221;1\/4&#8243;][vc_column_text]<\/p>\n<p style=\"text-align: center;\">\r\n\t<div class=\"paoc-image-popup\">\r\n\t\t<a class=\"paoc-popup-click paoc-popup-cust-3154 paoc-popup-image paoc-popup-image\" href=\"javascript:void(0);\"><img decoding=\"async\" class=\"popupaoc-img\" src=\"https:\/\/beta.ascofame.org.co\/wp-content\/uploads\/2021\/01\/Monica-Uribe-Rios-300x300.jpg\" alt=\"\" \/><\/a>\r\n\r\n\t\t\t<\/div>\n<p>[\/vc_column_text][vc_column_text]<\/p>\n<p style=\"text-align: center;\"><strong>M\u00f3nica Uribe R\u00edos<\/strong><\/p>\n<p>[\/vc_column_text][\/vc_column_inner][vc_column_inner width=&#8221;1\/4&#8243;][vc_column_text]<\/p>\n<p style=\"text-align: center;\">\r\n\t<div class=\"paoc-image-popup\">\r\n\t\t<a class=\"paoc-popup-click paoc-popup-cust-3274 paoc-popup-image paoc-popup-image\" href=\"javascript:void(0);\"><img decoding=\"async\" class=\"popupaoc-img\" src=\"https:\/\/beta.ascofame.org.co\/wp-content\/uploads\/2021\/01\/Luis_Carlos_Ortiz-200x200-1.png\" alt=\"Luis Carlos Ortiz\" \/><\/a>\r\n\r\n\t\t\t<\/div>\n<p>[\/vc_column_text][vc_column_text]<\/p>\n<p style=\"text-align: center;\"><strong>Luis Carlos Ortiz<\/strong><\/p>\n<p>[\/vc_column_text][\/vc_column_inner][vc_column_inner width=&#8221;1\/4&#8243;][vc_column_text]<\/p>\n<p style=\"text-align: center;\">\r\n\t<div class=\"paoc-image-popup\">\r\n\t\t<a class=\"paoc-popup-click paoc-popup-cust-3269 paoc-popup-image paoc-popup-image\" href=\"javascript:void(0);\"><img decoding=\"async\" class=\"popupaoc-img\" src=\"https:\/\/beta.ascofame.org.co\/wp-content\/uploads\/2021\/02\/Nataly_Arenas_Asscofame-200x200-1.png\" alt=\"Nataly Arenas\" \/><\/a>\r\n\r\n\t\t\t<\/div>\n<p>[\/vc_column_text][vc_column_text]<\/p>\n<p style=\"text-align: center;\"><strong>Nataly Arenas<\/strong><\/p>\n<p>[\/vc_column_text][\/vc_column_inner][vc_column_inner width=&#8221;1\/4&#8243;][vc_column_text]<\/p>\n<p style=\"text-align: center;\">\r\n\t<div class=\"paoc-image-popup\">\r\n\t\t<a class=\"paoc-popup-click paoc-popup-cust-3271 paoc-popup-image paoc-popup-image\" href=\"javascript:void(0);\"><img decoding=\"async\" class=\"popupaoc-img\" src=\"https:\/\/beta.ascofame.org.co\/wp-content\/uploads\/2021\/02\/Angelo-Laverde-200x200-1.png\" alt=\"\" \/><\/a>\r\n\r\n\t\t\t<\/div>\n<p>[\/vc_column_text][vc_column_text]<\/p>\n<p style=\"text-align: center;\"><strong>Angelo Laverde<\/strong><\/p>\n<p>[\/vc_column_text][\/vc_column_inner][\/vc_row_inner][\/vc_column][\/vc_row][vc_row][vc_column css=&#8221;.vc_custom_1622238637582{padding-top: 20px !important;padding-bottom: 20px !important;background-color: #e5e5e5 !important;}&#8221;][vc_column_text]<\/p>\n<h4><span style=\"color: #ff9900;\"><strong>Inversi\u00f3n<\/strong><\/span><\/h4>\n<p>COP $2.300.000+IVA<\/p>\n<p><strong>Pol\u00edticas de descuento <\/strong><\/p>\n<p>10% para docentes e investigadores de Facultades miembro de ASCOFAME.<\/p>\n<p>5% para grupos mayores de doce personas[\/vc_column_text][\/vc_column][\/vc_row][vc_row][vc_column css=&#8221;.vc_custom_1622238723249{padding-top: 20px !important;}&#8221;][vc_column_text][\/vc_column_text][vc_column_text]<\/p>\n<h4><span style=\"color: #ff9900;\"><strong>M\u00e1s Informaci\u00f3n<\/strong><\/span><\/h4>\n<p>[\/vc_column_text][vc_row_inner css=&#8221;.vc_custom_1622238732765{padding-bottom: 20px !important;}&#8221;][vc_column_inner width=&#8221;1\/2&#8243;][vc_column_text css=&#8221;.vc_custom_1622239115729{padding-bottom: 10px !important;}&#8221;]<\/p>\n<h4><\/h4>\n<p style=\"padding-left: 10px;\"><img loading=\"lazy\" decoding=\"async\" class=\"alignnone wp-image-2457\" src=\"\/wp-content\/uploads\/2021\/03\/icono_cotizar-300x300.jpeg\" alt=\"\" width=\"23\" height=\"23\" srcset=\"https:\/\/ascofame.org.co\/web\/wp-content\/uploads\/2021\/03\/icono_cotizar-300x300.jpeg 300w, https:\/\/ascofame.org.co\/web\/wp-content\/uploads\/2021\/03\/icono_cotizar-150x150.jpeg 150w, https:\/\/ascofame.org.co\/web\/wp-content\/uploads\/2021\/03\/icono_cotizar-100x100.jpeg 100w, https:\/\/ascofame.org.co\/web\/wp-content\/uploads\/2021\/03\/icono_cotizar.jpeg 512w\" sizes=\"auto, (max-width: 23px) 100vw, 23px\" \/> \u00a0 <a href=\"\/cotizacion-educon\/\" target=\"_blank\" rel=\"noopener\"><strong><span style=\"color: #ff6600;\">Cotiza<\/span><\/strong><\/a> el programa<\/p>\n<p>[\/vc_column_text][vc_column_text]<\/p>\n<p style=\"padding-left: 10px;\"><img loading=\"lazy\" decoding=\"async\" class=\"alignnone wp-image-2458\" src=\"\/wp-content\/uploads\/2021\/03\/icono_syllabus-300x300.jpeg\" alt=\"\" width=\"23\" height=\"23\" srcset=\"https:\/\/ascofame.org.co\/web\/wp-content\/uploads\/2021\/03\/icono_syllabus-300x300.jpeg 300w, https:\/\/ascofame.org.co\/web\/wp-content\/uploads\/2021\/03\/icono_syllabus-150x150.jpeg 150w, https:\/\/ascofame.org.co\/web\/wp-content\/uploads\/2021\/03\/icono_syllabus-100x100.jpeg 100w, https:\/\/ascofame.org.co\/web\/wp-content\/uploads\/2021\/03\/icono_syllabus.jpeg 512w\" sizes=\"auto, (max-width: 23px) 100vw, 23px\" \/>\u00a0 \u00a0Descarga el <a href=\"https:\/\/ascofame.org.co\/web\/wp-content\/uploads\/2021\/03\/6.-Diplomado_Educaci%C3%B3n_medica.pdf\" target=\"_blank\" rel=\"noopener\"><strong><span style=\"color: #ff6600;\">Syllabus<\/span><\/strong><\/a><\/p>\n<p>[\/vc_column_text][\/vc_column_inner][vc_column_inner width=&#8221;1\/2&#8243;][vc_column_text]<\/p>\n<h4><\/h4>\n<p style=\"padding-left: 10px;\"><img loading=\"lazy\" decoding=\"async\" class=\"alignnone wp-image-2460\" src=\"\/wp-content\/uploads\/2021\/03\/icono-correo-300x300.jpeg\" alt=\"\" width=\"26\" height=\"26\" srcset=\"https:\/\/ascofame.org.co\/web\/wp-content\/uploads\/2021\/03\/icono-correo-300x300.jpeg 300w, https:\/\/ascofame.org.co\/web\/wp-content\/uploads\/2021\/03\/icono-correo-150x150.jpeg 150w, https:\/\/ascofame.org.co\/web\/wp-content\/uploads\/2021\/03\/icono-correo-100x100.jpeg 100w, https:\/\/ascofame.org.co\/web\/wp-content\/uploads\/2021\/03\/icono-correo.jpeg 512w\" sizes=\"auto, (max-width: 26px) 100vw, 26px\" \/>\u00a0 \u00a0<strong><span style=\"color: #ff6600;\">Cont\u00e1ctanos <\/span><\/strong>&#8211; info@ascofame.org.co<\/p>\n<p style=\"padding-left: 10px;\">(57) 1 7425380\u00a0 &#8211;\u00a0 (57) 314 4447318<\/p>\n<p>[\/vc_column_text][\/vc_column_inner][\/vc_row_inner][\/vc_column][\/vc_row]<\/p>\n<\/div>","protected":false},"excerpt":{"rendered":"<p>[vc_row css=&#8221;.vc_custom_1622238421619{padding-bottom: 0px !important;background-color: #f19d38 !important;}&#8221;][vc_column width=&#8221;1\/2&#8243; css=&#8221;.vc_custom_1622238340307{padding-bottom: 20px !important;background-color: #e5e5e5 !important;}&#8221;][vc_column_text] \u00a0 144 horas &#8211; 6 m\u00f3dulos \u00a0 144 cr\u00e9ditos de educaci\u00f3n continua tipo B del Programa de Desarrollo Profesional Permanente de Ascofame. \u00a0 Aprendizaje Basado en Proyectos [\/vc_column_text][\/vc_column][vc_column width=&#8221;1\/2&#8243; css=&#8221;.vc_custom_1622238333839{padding-bottom: 20px !important;background-color: #e5e5e5 !important;}&#8221;][vc_column_text] \u00a0\u00a0COP $2.300.000+IVA \u00a0 Pol\u00edticas de descuento: 10% para docentes e investigadores de Facultades Miembro de ASCOFAME. 5% para grupos [&hellip;]<\/p>\n","protected":false},"author":4,"featured_media":0,"parent":37,"menu_order":0,"comment_status":"closed","ping_status":"closed","template":"","meta":{"episode_type":"","audio_file":"","podmotor_file_id":"","podmotor_episode_id":"","cover_image":"","cover_image_id":"","duration":"","filesize":"","filesize_raw":"","date_recorded":"","explicit":"","block":"","footnotes":""},"class_list":["post-2403","page","type-page","status-publish","hentry"],"yoast_head":"<!-- This site is optimized with the Yoast SEO plugin v26.3 - https:\/\/yoast.com\/wordpress\/plugins\/seo\/ -->\n<title>Diplomado en Educaci\u00f3n M\u00e9dica -<\/title>\n<meta name=\"robots\" content=\"index, follow, max-snippet:-1, max-image-preview:large, max-video-preview:-1\" \/>\n<link rel=\"canonical\" href=\"https:\/\/ascofame.org.co\/web\/desarrollo-profesional\/oferta-educativa\/diplomadoeducacionmedica\/\" \/>\n<meta property=\"og:locale\" content=\"es_ES\" \/>\n<meta property=\"og:type\" content=\"article\" \/>\n<meta property=\"og:title\" content=\"Diplomado en Educaci\u00f3n M\u00e9dica -\" \/>\n<meta property=\"og:description\" content=\"[vc_row css=&#8221;.vc_custom_1622238421619{padding-bottom: 0px !important;background-color: #f19d38 !important;}&#8221;][vc_column width=&#8221;1\/2&#8243; css=&#8221;.vc_custom_1622238340307{padding-bottom: 20px !important;background-color: #e5e5e5 !important;}&#8221;][vc_column_text] \u00a0 144 horas &#8211; 6 m\u00f3dulos \u00a0 144 cr\u00e9ditos de educaci\u00f3n continua tipo B del Programa de Desarrollo Profesional Permanente de Ascofame. \u00a0 Aprendizaje Basado en Proyectos [\/vc_column_text][\/vc_column][vc_column width=&#8221;1\/2&#8243; css=&#8221;.vc_custom_1622238333839{padding-bottom: 20px !important;background-color: #e5e5e5 !important;}&#8221;][vc_column_text] \u00a0\u00a0COP $2.300.000+IVA \u00a0 Pol\u00edticas de descuento: 10% para docentes e investigadores de Facultades Miembro de ASCOFAME. 5% para grupos [&hellip;]\" \/>\n<meta property=\"og:url\" content=\"https:\/\/ascofame.org.co\/web\/desarrollo-profesional\/oferta-educativa\/diplomadoeducacionmedica\/\" \/>\n<meta property=\"article:modified_time\" content=\"2021-06-01T19:45:03+00:00\" \/>\n<meta name=\"twitter:card\" content=\"summary_large_image\" \/>\n<meta name=\"twitter:label1\" content=\"Tiempo de lectura\" \/>\n\t<meta name=\"twitter:data1\" content=\"7 minutos\" \/>\n<script type=\"application\/ld+json\" class=\"yoast-schema-graph\">{\"@context\":\"https:\/\/schema.org\",\"@graph\":[{\"@type\":\"WebPage\",\"@id\":\"https:\/\/ascofame.org.co\/web\/desarrollo-profesional\/oferta-educativa\/diplomadoeducacionmedica\/\",\"url\":\"https:\/\/ascofame.org.co\/web\/desarrollo-profesional\/oferta-educativa\/diplomadoeducacionmedica\/\",\"name\":\"Diplomado en Educaci\u00f3n M\u00e9dica -\",\"isPartOf\":{\"@id\":\"https:\/\/ascofame.org.co\/web\/#website\"},\"datePublished\":\"2021-03-19T04:30:21+00:00\",\"dateModified\":\"2021-06-01T19:45:03+00:00\",\"breadcrumb\":{\"@id\":\"https:\/\/ascofame.org.co\/web\/desarrollo-profesional\/oferta-educativa\/diplomadoeducacionmedica\/#breadcrumb\"},\"inLanguage\":\"es\",\"potentialAction\":[{\"@type\":\"ReadAction\",\"target\":[\"https:\/\/ascofame.org.co\/web\/desarrollo-profesional\/oferta-educativa\/diplomadoeducacionmedica\/\"]}]},{\"@type\":\"BreadcrumbList\",\"@id\":\"https:\/\/ascofame.org.co\/web\/desarrollo-profesional\/oferta-educativa\/diplomadoeducacionmedica\/#breadcrumb\",\"itemListElement\":[{\"@type\":\"ListItem\",\"position\":1,\"name\":\"Portada\",\"item\":\"https:\/\/ascofame.org.co\/web\/\"},{\"@type\":\"ListItem\",\"position\":2,\"name\":\"Desarrollo Profesional\",\"item\":\"https:\/\/ascofame.org.co\/web\/desarrollo-profesional\/\"},{\"@type\":\"ListItem\",\"position\":3,\"name\":\"Oferta Educativa\",\"item\":\"https:\/\/ascofame.org.co\/web\/desarrollo-profesional\/oferta-educativa\/\"},{\"@type\":\"ListItem\",\"position\":4,\"name\":\"Diplomado en Educaci\u00f3n M\u00e9dica\"}]},{\"@type\":\"WebSite\",\"@id\":\"https:\/\/ascofame.org.co\/web\/#website\",\"url\":\"https:\/\/ascofame.org.co\/web\/\",\"name\":\"Ascofame\",\"description\":\"\",\"potentialAction\":[{\"@type\":\"SearchAction\",\"target\":{\"@type\":\"EntryPoint\",\"urlTemplate\":\"https:\/\/ascofame.org.co\/web\/?s={search_term_string}\"},\"query-input\":{\"@type\":\"PropertyValueSpecification\",\"valueRequired\":true,\"valueName\":\"search_term_string\"}}],\"inLanguage\":\"es\"}]}<\/script>\n<!-- \/ Yoast SEO plugin. -->","yoast_head_json":{"title":"Diplomado en Educaci\u00f3n M\u00e9dica -","robots":{"index":"index","follow":"follow","max-snippet":"max-snippet:-1","max-image-preview":"max-image-preview:large","max-video-preview":"max-video-preview:-1"},"canonical":"https:\/\/ascofame.org.co\/web\/desarrollo-profesional\/oferta-educativa\/diplomadoeducacionmedica\/","og_locale":"es_ES","og_type":"article","og_title":"Diplomado en Educaci\u00f3n M\u00e9dica -","og_description":"[vc_row css=&#8221;.vc_custom_1622238421619{padding-bottom: 0px !important;background-color: #f19d38 !important;}&#8221;][vc_column width=&#8221;1\/2&#8243; css=&#8221;.vc_custom_1622238340307{padding-bottom: 20px !important;background-color: #e5e5e5 !important;}&#8221;][vc_column_text] \u00a0 144 horas &#8211; 6 m\u00f3dulos \u00a0 144 cr\u00e9ditos de educaci\u00f3n continua tipo B del Programa de Desarrollo Profesional Permanente de Ascofame. \u00a0 Aprendizaje Basado en Proyectos [\/vc_column_text][\/vc_column][vc_column width=&#8221;1\/2&#8243; css=&#8221;.vc_custom_1622238333839{padding-bottom: 20px !important;background-color: #e5e5e5 !important;}&#8221;][vc_column_text] \u00a0\u00a0COP $2.300.000+IVA \u00a0 Pol\u00edticas de descuento: 10% para docentes e investigadores de Facultades Miembro de ASCOFAME. 5% para grupos [&hellip;]","og_url":"https:\/\/ascofame.org.co\/web\/desarrollo-profesional\/oferta-educativa\/diplomadoeducacionmedica\/","article_modified_time":"2021-06-01T19:45:03+00:00","twitter_card":"summary_large_image","twitter_misc":{"Tiempo de lectura":"7 minutos"},"schema":{"@context":"https:\/\/schema.org","@graph":[{"@type":"WebPage","@id":"https:\/\/ascofame.org.co\/web\/desarrollo-profesional\/oferta-educativa\/diplomadoeducacionmedica\/","url":"https:\/\/ascofame.org.co\/web\/desarrollo-profesional\/oferta-educativa\/diplomadoeducacionmedica\/","name":"Diplomado en Educaci\u00f3n M\u00e9dica -","isPartOf":{"@id":"https:\/\/ascofame.org.co\/web\/#website"},"datePublished":"2021-03-19T04:30:21+00:00","dateModified":"2021-06-01T19:45:03+00:00","breadcrumb":{"@id":"https:\/\/ascofame.org.co\/web\/desarrollo-profesional\/oferta-educativa\/diplomadoeducacionmedica\/#breadcrumb"},"inLanguage":"es","potentialAction":[{"@type":"ReadAction","target":["https:\/\/ascofame.org.co\/web\/desarrollo-profesional\/oferta-educativa\/diplomadoeducacionmedica\/"]}]},{"@type":"BreadcrumbList","@id":"https:\/\/ascofame.org.co\/web\/desarrollo-profesional\/oferta-educativa\/diplomadoeducacionmedica\/#breadcrumb","itemListElement":[{"@type":"ListItem","position":1,"name":"Portada","item":"https:\/\/ascofame.org.co\/web\/"},{"@type":"ListItem","position":2,"name":"Desarrollo Profesional","item":"https:\/\/ascofame.org.co\/web\/desarrollo-profesional\/"},{"@type":"ListItem","position":3,"name":"Oferta Educativa","item":"https:\/\/ascofame.org.co\/web\/desarrollo-profesional\/oferta-educativa\/"},{"@type":"ListItem","position":4,"name":"Diplomado en Educaci\u00f3n M\u00e9dica"}]},{"@type":"WebSite","@id":"https:\/\/ascofame.org.co\/web\/#website","url":"https:\/\/ascofame.org.co\/web\/","name":"Ascofame","description":"","potentialAction":[{"@type":"SearchAction","target":{"@type":"EntryPoint","urlTemplate":"https:\/\/ascofame.org.co\/web\/?s={search_term_string}"},"query-input":{"@type":"PropertyValueSpecification","valueRequired":true,"valueName":"search_term_string"}}],"inLanguage":"es"}]}},"_links":{"self":[{"href":"https:\/\/ascofame.org.co\/web\/wp-json\/wp\/v2\/pages\/2403","targetHints":{"allow":["GET"]}}],"collection":[{"href":"https:\/\/ascofame.org.co\/web\/wp-json\/wp\/v2\/pages"}],"about":[{"href":"https:\/\/ascofame.org.co\/web\/wp-json\/wp\/v2\/types\/page"}],"author":[{"embeddable":true,"href":"https:\/\/ascofame.org.co\/web\/wp-json\/wp\/v2\/users\/4"}],"replies":[{"embeddable":true,"href":"https:\/\/ascofame.org.co\/web\/wp-json\/wp\/v2\/comments?post=2403"}],"version-history":[{"count":156,"href":"https:\/\/ascofame.org.co\/web\/wp-json\/wp\/v2\/pages\/2403\/revisions"}],"predecessor-version":[{"id":4074,"href":"https:\/\/ascofame.org.co\/web\/wp-json\/wp\/v2\/pages\/2403\/revisions\/4074"}],"up":[{"embeddable":true,"href":"https:\/\/ascofame.org.co\/web\/wp-json\/wp\/v2\/pages\/37"}],"wp:attachment":[{"href":"https:\/\/ascofame.org.co\/web\/wp-json\/wp\/v2\/media?parent=2403"}],"curies":[{"name":"wp","href":"https:\/\/api.w.org\/{rel}","templated":true}]}}